{"id":48,"date":"2021-09-06T15:51:12","date_gmt":"2021-09-06T13:51:12","guid":{"rendered":"https:\/\/www.campingdeserrette.com\/?page_id=48"},"modified":"2021-09-09T14:20:29","modified_gmt":"2021-09-09T12:20:29","slug":"galerie-photos","status":"publish","type":"page","link":"https:\/\/www.campingdeserrette.com\/en\/galerie-photos\/","title":{"rendered":"Photo gallery"},"content":{"rendered":"<div id=\"sevgallery-851472315\" class=\"sev-diaporama sev-diaporama-portfolio\">\n\t\t\t<div class=\"row\">\n\n\t\t\t\n\t\t\t\t\n\t\t\t\t<div class=\"sev-diaporama-portfolio-item col-12 col-sm  col-shrink\">\n\t\t\t\t\t<a href=\"https:\/\/www.campingdeserrette.com\/wp-content\/uploads\/2021\/09\/front-espace-chien.jpg\" data-lightbox=\"sevgallery-851472315\" style=\"background-image: url(https:\/\/www.campingdeserrette.com\/wp-content\/uploads\/2021\/09\/front-espace-chien.jpg)\">\n\t\t\t\t\t\t<img decoding=\"async\" src=\"https:\/\/www.campingdeserrette.com\/wp-content\/uploads\/2021\/09\/front-espace-chien.jpg\" alt=\"camping accueil chien dans le Puy de Dome\" loading=\"lazy\">\n\t\t\t\t\t<\/a>\n\t\t\t\t<\/div>\n\n\t\t\t\t\n\t\t\t\t\t\t\t\t\t\t\t\n\t\t\t\t\n\t\t\t\t<div class=\"sev-diaporama-portfolio-item col-12 col-sm  col-shrink\">\n\t\t\t\t\t<a href=\"https:\/\/www.campingdeserrette.com\/wp-content\/uploads\/2021\/09\/photo-terrasse-mobilhome-4p.jpg\" data-lightbox=\"sevgallery-851472315\" style=\"background-image: url(https:\/\/www.campingdeserrette.com\/wp-content\/uploads\/2021\/09\/photo-terrasse-mobilhome-4p.jpg)\">\n\t\t\t\t\t\t<img decoding=\"async\" src=\"https:\/\/www.campingdeserrette.com\/wp-content\/uploads\/2021\/09\/photo-terrasse-mobilhome-4p.jpg\" alt=\"location mobil home camping en Auvergne\" loading=\"lazy\">\n\t\t\t\t\t<\/a>\n\t\t\t\t<\/div>\n\n\t\t\t\t\n\t\t\t\t\t\t\t\t\t\t\t\n\t\t\t\t\n\t\t\t\t<div class=\"sev-diaporama-portfolio-item col-12 col-sm  col-grow\">\n\t\t\t\t\t<a href=\"https:\/\/www.campingdeserrette.com\/wp-content\/uploads\/2021\/09\/puy-de-come-1.jpg\" data-lightbox=\"sevgallery-851472315\" style=\"background-image: url(https:\/\/www.campingdeserrette.com\/wp-content\/uploads\/2021\/09\/puy-de-come-1.jpg)\">\n\t\t\t\t\t\t<img decoding=\"async\" src=\"https:\/\/www.campingdeserrette.com\/wp-content\/uploads\/2021\/09\/puy-de-come-1.jpg\" alt=\"puy de dome proche du camping en Auvergne\" loading=\"lazy\">\n\t\t\t\t\t<\/a>\n\t\t\t\t<\/div>\n\n\t\t\t\t\n\t\t\t\t\t\t\t\t\t\t\t\n\t\t\t\t\n\t\t\t\t<div class=\"sev-diaporama-portfolio-item col-12 col-sm  col-grow\">\n\t\t\t\t\t<a href=\"https:\/\/www.campingdeserrette.com\/wp-content\/uploads\/2021\/09\/photo-terrassebarbrasserie-vue.jpg\" data-lightbox=\"sevgallery-851472315\" style=\"background-image: url(https:\/\/www.campingdeserrette.com\/wp-content\/uploads\/2021\/09\/photo-terrassebarbrasserie-vue.jpg)\">\n\t\t\t\t\t\t<img decoding=\"async\" src=\"https:\/\/www.campingdeserrette.com\/wp-content\/uploads\/2021\/09\/photo-terrassebarbrasserie-vue.jpg\" alt=\"terrasse du restaurant du camping en Auvergne\" loading=\"lazy\">\n\t\t\t\t\t<\/a>\n\t\t\t\t<\/div>\n\n\t\t\t\t\t\t\t\t\t<div class=\"w-100\"><\/div>\n\t\t\t\t\t\t\t\t\t\n\t\t\t\t\t\t\t\t\t\t\t\n\t\t\t\t\n\t\t\t\t<div class=\"sev-diaporama-portfolio-item col-12 col-sm  col-grow\">\n\t\t\t\t\t<a href=\"https:\/\/www.campingdeserrette.com\/wp-content\/uploads\/2021\/09\/Panorama-aerien-camping-Serrette-P.A.-COUMES-12.jpg\" data-lightbox=\"sevgallery-851472315\" style=\"background-image: url(https:\/\/www.campingdeserrette.com\/wp-content\/uploads\/2021\/09\/Panorama-aerien-camping-Serrette-P.A.-COUMES-12.jpg)\">\n\t\t\t\t\t\t<img decoding=\"async\" src=\"https:\/\/www.campingdeserrette.com\/wp-content\/uploads\/2021\/09\/Panorama-aerien-camping-Serrette-P.A.-COUMES-12.jpg\" alt=\"location au camping en Auvergne\" loading=\"lazy\">\n\t\t\t\t\t<\/a>\n\t\t\t\t<\/div>\n\n\t\t\t\t\n\t\t\t\t\t\t\t\t\t\t\t\n\t\t\t\t\n\t\t\t\t<div class=\"sev-diaporama-portfolio-item col-12 col-sm\">\n\t\t\t\t\t<a href=\"https:\/\/www.campingdeserrette.com\/wp-content\/uploads\/2021\/09\/Panorama-aerien-camping-Serrette-P.A.-COUMES-14.jpg\" data-lightbox=\"sevgallery-851472315\" style=\"background-image: url(https:\/\/www.campingdeserrette.com\/wp-content\/uploads\/2021\/09\/Panorama-aerien-camping-Serrette-P.A.-COUMES-14.jpg)\">\n\t\t\t\t\t\t<img decoding=\"async\" src=\"https:\/\/www.campingdeserrette.com\/wp-content\/uploads\/2021\/09\/Panorama-aerien-camping-Serrette-P.A.-COUMES-14.jpg\" alt=\"location chalet camping en Auvergne\" loading=\"lazy\">\n\t\t\t\t\t<\/a>\n\t\t\t\t<\/div>\n\n\t\t\t\t\n\t\t\t\t\t\t\t\t\t\t\t\n\t\t\t\t\n\t\t\t\t<div class=\"sev-diaporama-portfolio-item col-12 col-sm  col-shrink\">\n\t\t\t\t\t<a href=\"https:\/\/www.campingdeserrette.com\/wp-content\/uploads\/2021\/09\/Panorama-aerien-camping-Serrette-P.A.-COUMES-31.jpg\" data-lightbox=\"sevgallery-851472315\" style=\"background-image: url(https:\/\/www.campingdeserrette.com\/wp-content\/uploads\/2021\/09\/Panorama-aerien-camping-Serrette-P.A.-COUMES-31.jpg)\">\n\t\t\t\t\t\t<img decoding=\"async\" src=\"https:\/\/www.campingdeserrette.com\/wp-content\/uploads\/2021\/09\/Panorama-aerien-camping-Serrette-P.A.-COUMES-31.jpg\" alt=\"camping au coeur de la nature\" loading=\"lazy\">\n\t\t\t\t\t<\/a>\n\t\t\t\t<\/div>\n\n\t\t\t\t\n\t\t\t\t\t\t\t\t\t\t\t\n\t\t\t\t\n\t\t\t\t<div class=\"sev-diaporama-portfolio-item col-12 col-sm\">\n\t\t\t\t\t<a href=\"https:\/\/www.campingdeserrette.com\/wp-content\/uploads\/2021\/09\/Panorama-aerien-camping-Serrette-P.A.-COUMES-85.jpg\" data-lightbox=\"sevgallery-851472315\" style=\"background-image: url(https:\/\/www.campingdeserrette.com\/wp-content\/uploads\/2021\/09\/Panorama-aerien-camping-Serrette-P.A.-COUMES-85.jpg)\">\n\t\t\t\t\t\t<img decoding=\"async\" src=\"https:\/\/www.campingdeserrette.com\/wp-content\/uploads\/2021\/09\/Panorama-aerien-camping-Serrette-P.A.-COUMES-85.jpg\" alt=\"chat du camping familial\" loading=\"lazy\">\n\t\t\t\t\t<\/a>\n\t\t\t\t<\/div>\n\n\t\t\t\t\t\t\t\t\t<div class=\"w-100\"><\/div>\n\t\t\t\t\t\t\t\t\t\n\t\t\t\t\t\t\t\t\t\t\t\n\t\t\t\t\n\t\t\t\t<div class=\"sev-diaporama-portfolio-item col-12 col-sm  col-grow\">\n\t\t\t\t\t<a href=\"https:\/\/www.campingdeserrette.com\/wp-content\/uploads\/2021\/09\/Panorama-aerien-camping-Serrette-P.A.-COUMES-93.jpg\" data-lightbox=\"sevgallery-851472315\" style=\"background-image: url(https:\/\/www.campingdeserrette.com\/wp-content\/uploads\/2021\/09\/Panorama-aerien-camping-Serrette-P.A.-COUMES-93.jpg)\">\n\t\t\t\t\t\t<img decoding=\"async\" src=\"https:\/\/www.campingdeserrette.com\/wp-content\/uploads\/2021\/09\/Panorama-aerien-camping-Serrette-P.A.-COUMES-93.jpg\" alt=\"vu du camping en Auvergne\" loading=\"lazy\">\n\t\t\t\t\t<\/a>\n\t\t\t\t<\/div>\n\n\t\t\t\t\n\t\t\t\t\t\t\t\t\t\t\t\n\t\t\t\t\n\t\t\t\t<div class=\"sev-diaporama-portfolio-item col-12 col-sm  col-grow\">\n\t\t\t\t\t<a href=\"https:\/\/www.campingdeserrette.com\/wp-content\/uploads\/2021\/09\/Panorama-aerien-camping-Serrette-P.A.-COUMES-102.jpg\" data-lightbox=\"sevgallery-851472315\" style=\"background-image: url(https:\/\/www.campingdeserrette.com\/wp-content\/uploads\/2021\/09\/Panorama-aerien-camping-Serrette-P.A.-COUMES-102.jpg)\">\n\t\t\t\t\t\t<img decoding=\"async\" src=\"https:\/\/www.campingdeserrette.com\/wp-content\/uploads\/2021\/09\/Panorama-aerien-camping-Serrette-P.A.-COUMES-102.jpg\" alt=\"camping au coeur de la nature\" loading=\"lazy\">\n\t\t\t\t\t<\/a>\n\t\t\t\t<\/div>\n\n\t\t\t\t\n\t\t\t\t\t\t\t\t\t\t\t\n\t\t\t\t\n\t\t\t\t<div class=\"sev-diaporama-portfolio-item col-12 col-sm  col-grow\">\n\t\t\t\t\t<a href=\"https:\/\/www.campingdeserrette.com\/wp-content\/uploads\/2021\/09\/Panorama-aerien-camping-Serrette-P.A.-COUMES-104.jpg\" data-lightbox=\"sevgallery-851472315\" style=\"background-image: url(https:\/\/www.campingdeserrette.com\/wp-content\/uploads\/2021\/09\/Panorama-aerien-camping-Serrette-P.A.-COUMES-104.jpg)\">\n\t\t\t\t\t\t<img decoding=\"async\" src=\"https:\/\/www.campingdeserrette.com\/wp-content\/uploads\/2021\/09\/Panorama-aerien-camping-Serrette-P.A.-COUMES-104.jpg\" alt=\"camping nature Auvergne\" loading=\"lazy\">\n\t\t\t\t\t<\/a>\n\t\t\t\t<\/div>\n\n\t\t\t\t\n\t\t\t\t\t\t\t\t\t\t\t\n\t\t\t\t\n\t\t\t\t<div class=\"sev-diaporama-portfolio-item col-12 col-sm\">\n\t\t\t\t\t<a href=\"https:\/\/www.campingdeserrette.com\/wp-content\/uploads\/2021\/09\/Panorama-aerien-camping-Serrette-P.A.-COUMES-106.jpg\" data-lightbox=\"sevgallery-851472315\" style=\"background-image: url(https:\/\/www.campingdeserrette.com\/wp-content\/uploads\/2021\/09\/Panorama-aerien-camping-Serrette-P.A.-COUMES-106.jpg)\">\n\t\t\t\t\t\t<img decoding=\"async\" src=\"https:\/\/www.campingdeserrette.com\/wp-content\/uploads\/2021\/09\/Panorama-aerien-camping-Serrette-P.A.-COUMES-106.jpg\" alt=\"camping au coeur de la nature\" loading=\"lazy\">\n\t\t\t\t\t<\/a>\n\t\t\t\t<\/div>\n\n\t\t\t\t\t\t\t\t\t<div class=\"w-100\"><\/div>\n\t\t\t\t\t\t\t\t\t\n\t\t\t\t\t\t\t\t\t\t\t\n\t\t\t\t\n\t\t\t\t<div class=\"sev-diaporama-portfolio-item col-12 col-sm  col-shrink\">\n\t\t\t\t\t<a href=\"https:\/\/www.campingdeserrette.com\/wp-content\/uploads\/2021\/09\/photo-montagne-eau.jpg\" data-lightbox=\"sevgallery-851472315\" style=\"background-image: url(https:\/\/www.campingdeserrette.com\/wp-content\/uploads\/2021\/09\/photo-montagne-eau.jpg)\">\n\t\t\t\t\t\t<img decoding=\"async\" src=\"https:\/\/www.campingdeserrette.com\/wp-content\/uploads\/2021\/09\/photo-montagne-eau.jpg\" alt=\"camping au coeur des montagnes\" loading=\"lazy\">\n\t\t\t\t\t<\/a>\n\t\t\t\t<\/div>\n\n\t\t\t\t\n\t\t\t\t\t\t\t\t\t\t\t\n\t\t\t\t\n\t\t\t\t<div class=\"sev-diaporama-portfolio-item col-12 col-sm\">\n\t\t\t\t\t<a href=\"https:\/\/www.campingdeserrette.com\/wp-content\/uploads\/2021\/09\/Panorama-aerien-camping-Serrette-P.A.-COUMES-93-1.jpg\" data-lightbox=\"sevgallery-851472315\" style=\"background-image: url(https:\/\/www.campingdeserrette.com\/wp-content\/uploads\/2021\/09\/Panorama-aerien-camping-Serrette-P.A.-COUMES-93-1.jpg)\">\n\t\t\t\t\t\t<img decoding=\"async\" src=\"https:\/\/www.campingdeserrette.com\/wp-content\/uploads\/2021\/09\/Panorama-aerien-camping-Serrette-P.A.-COUMES-93-1.jpg\" alt=\"vue du camping\" loading=\"lazy\">\n\t\t\t\t\t<\/a>\n\t\t\t\t<\/div>\n\n\t\t\t\t\n\t\t\t\t\t\t\t\t\t\t\t\n\t\t\t\t\n\t\t\t\t<div class=\"sev-diaporama-portfolio-item col-12 col-sm  col-grow\">\n\t\t\t\t\t<a href=\"https:\/\/www.campingdeserrette.com\/wp-content\/uploads\/2021\/09\/Panorama-aerien-camping-Serrette-P.A.-COUMES-90.jpg\" data-lightbox=\"sevgallery-851472315\" style=\"background-image: url(https:\/\/www.campingdeserrette.com\/wp-content\/uploads\/2021\/09\/Panorama-aerien-camping-Serrette-P.A.-COUMES-90.jpg)\">\n\t\t\t\t\t\t<img decoding=\"async\" src=\"https:\/\/www.campingdeserrette.com\/wp-content\/uploads\/2021\/09\/Panorama-aerien-camping-Serrette-P.A.-COUMES-90.jpg\" alt=\"location du camping\" loading=\"lazy\">\n\t\t\t\t\t<\/a>\n\t\t\t\t<\/div>\n\n\t\t\t\t\n\t\t\t\t\t\t\t\t\t\t\t\n\t\t\t\t\n\t\t\t\t<div class=\"sev-diaporama-portfolio-item col-12 col-sm  col-grow\">\n\t\t\t\t\t<a href=\"https:\/\/www.campingdeserrette.com\/wp-content\/uploads\/2021\/09\/Panorama-aerien-camping-Serrette-P.A.-COUMES-87.jpg\" data-lightbox=\"sevgallery-851472315\" style=\"background-image: url(https:\/\/www.campingdeserrette.com\/wp-content\/uploads\/2021\/09\/Panorama-aerien-camping-Serrette-P.A.-COUMES-87.jpg)\">\n\t\t\t\t\t\t<img decoding=\"async\" src=\"https:\/\/www.campingdeserrette.com\/wp-content\/uploads\/2021\/09\/Panorama-aerien-camping-Serrette-P.A.-COUMES-87.jpg\" alt=\"location mobil home au coeur des montagnes\" loading=\"lazy\">\n\t\t\t\t\t<\/a>\n\t\t\t\t<\/div>\n\n\t\t\t\t\t\t\t\t\t<div class=\"w-100\"><\/div>\n\t\t\t\t\t\t\t\t\t\n\t\t\t\t\t\t\t\t\t\t\t\n\t\t\t\t\n\t\t\t\t<div class=\"sev-diaporama-portfolio-item col-12 col-sm\">\n\t\t\t\t\t<a href=\"https:\/\/www.campingdeserrette.com\/wp-content\/uploads\/2021\/09\/Panorama-aerien-camping-Serrette-P.A.-COUMES-86.jpg\" data-lightbox=\"sevgallery-851472315\" style=\"background-image: url(https:\/\/www.campingdeserrette.com\/wp-content\/uploads\/2021\/09\/Panorama-aerien-camping-Serrette-P.A.-COUMES-86.jpg)\">\n\t\t\t\t\t\t<img decoding=\"async\" src=\"https:\/\/www.campingdeserrette.com\/wp-content\/uploads\/2021\/09\/Panorama-aerien-camping-Serrette-P.A.-COUMES-86.jpg\" alt=\"location mobil home familial en Auvergne\" loading=\"lazy\">\n\t\t\t\t\t<\/a>\n\t\t\t\t<\/div>\n\n\t\t\t\t\n\t\t\t\t\t\t\t\t\t\t\t\n\t\t\t\t\n\t\t\t\t<div class=\"sev-diaporama-portfolio-item col-12 col-sm  col-grow\">\n\t\t\t\t\t<a href=\"https:\/\/www.campingdeserrette.com\/wp-content\/uploads\/2021\/09\/Panorama-aerien-camping-Serrette-P.A.-COUMES-77.jpg\" data-lightbox=\"sevgallery-851472315\" style=\"background-image: url(https:\/\/www.campingdeserrette.com\/wp-content\/uploads\/2021\/09\/Panorama-aerien-camping-Serrette-P.A.-COUMES-77.jpg)\">\n\t\t\t\t\t\t<img decoding=\"async\" src=\"https:\/\/www.campingdeserrette.com\/wp-content\/uploads\/2021\/09\/Panorama-aerien-camping-Serrette-P.A.-COUMES-77.jpg\" alt=\"location du camping en Vend\u00e9e\" loading=\"lazy\">\n\t\t\t\t\t<\/a>\n\t\t\t\t<\/div>\n\n\t\t\t\t\n\t\t\t\t\t\t\t\t\t\t\t\n\t\t\t\t\n\t\t\t\t<div class=\"sev-diaporama-portfolio-item col-12 col-sm  col-shrink\">\n\t\t\t\t\t<a href=\"https:\/\/www.campingdeserrette.com\/wp-content\/uploads\/2021\/09\/Panorama-aerien-camping-Serrette-P.A.-COUMES-64.jpg\" data-lightbox=\"sevgallery-851472315\" style=\"background-image: url(https:\/\/www.campingdeserrette.com\/wp-content\/uploads\/2021\/09\/Panorama-aerien-camping-Serrette-P.A.-COUMES-64.jpg)\">\n\t\t\t\t\t\t<img decoding=\"async\" src=\"https:\/\/www.campingdeserrette.com\/wp-content\/uploads\/2021\/09\/Panorama-aerien-camping-Serrette-P.A.-COUMES-64.jpg\" alt=\"camping avec piscine id\u00e9al pour les familles\" loading=\"lazy\">\n\t\t\t\t\t<\/a>\n\t\t\t\t<\/div>\n\n\t\t\t\t\n\t\t\t\t\t\t\t\t\t\t\t\n\t\t\t\t\n\t\t\t\t<div class=\"sev-diaporama-portfolio-item col-12 col-sm  col-shrink\">\n\t\t\t\t\t<a href=\"https:\/\/www.campingdeserrette.com\/wp-content\/uploads\/2021\/09\/Panorama-aerien-camping-Serrette-P.A.-COUMES-63-1.jpg\" data-lightbox=\"sevgallery-851472315\" style=\"background-image: url(https:\/\/www.campingdeserrette.com\/wp-content\/uploads\/2021\/09\/Panorama-aerien-camping-Serrette-P.A.-COUMES-63-1.jpg)\">\n\t\t\t\t\t\t<img decoding=\"async\" src=\"https:\/\/www.campingdeserrette.com\/wp-content\/uploads\/2021\/09\/Panorama-aerien-camping-Serrette-P.A.-COUMES-63-1.jpg\" alt=\"piscine couverte et chauff\u00e9e\" loading=\"lazy\">\n\t\t\t\t\t<\/a>\n\t\t\t\t<\/div>\n\n\t\t\t\t\t\t\t\t\t<div class=\"w-100\"><\/div>\n\t\t\t\t\t\t\t\t\t\n\t\t\t\t\t\t\t\t\t\t\t\n\t\t\t\t\n\t\t\t\t<div class=\"sev-diaporama-portfolio-item col-12 col-sm  col-grow\">\n\t\t\t\t\t<a href=\"https:\/\/www.campingdeserrette.com\/wp-content\/uploads\/2021\/09\/Panorama-aerien-camping-Serrette-P.A.-COUMES-62.jpg\" data-lightbox=\"sevgallery-851472315\" style=\"background-image: url(https:\/\/www.campingdeserrette.com\/wp-content\/uploads\/2021\/09\/Panorama-aerien-camping-Serrette-P.A.-COUMES-62.jpg)\">\n\t\t\t\t\t\t<img decoding=\"async\" src=\"https:\/\/www.campingdeserrette.com\/wp-content\/uploads\/2021\/09\/Panorama-aerien-camping-Serrette-P.A.-COUMES-62.jpg\" alt=\"piscine couverte et chauff\u00e9e\" loading=\"lazy\">\n\t\t\t\t\t<\/a>\n\t\t\t\t<\/div>\n\n\t\t\t\t\n\t\t\t\t\t\t\t\t\t\t\t\n\t\t\t\t\n\t\t\t\t<div class=\"sev-diaporama-portfolio-item col-12 col-sm  col-shrink\">\n\t\t\t\t\t<a href=\"https:\/\/www.campingdeserrette.com\/wp-content\/uploads\/2021\/09\/Panorama-aerien-camping-Serrette-P.A.-COUMES-59.jpg\" data-lightbox=\"sevgallery-851472315\" style=\"background-image: url(https:\/\/www.campingdeserrette.com\/wp-content\/uploads\/2021\/09\/Panorama-aerien-camping-Serrette-P.A.-COUMES-59.jpg)\">\n\t\t\t\t\t\t<img decoding=\"async\" src=\"https:\/\/www.campingdeserrette.com\/wp-content\/uploads\/2021\/09\/Panorama-aerien-camping-Serrette-P.A.-COUMES-59.jpg\" alt=\"piscine du camping familial\" loading=\"lazy\">\n\t\t\t\t\t<\/a>\n\t\t\t\t<\/div>\n\n\t\t\t\t\n\t\t\t\t\t\t\t\t\t\t\t\n\t\t\t\t\n\t\t\t\t<div class=\"sev-diaporama-portfolio-item col-12 col-sm  col-grow\">\n\t\t\t\t\t<a href=\"https:\/\/www.campingdeserrette.com\/wp-content\/uploads\/2021\/09\/Panorama-aerien-camping-Serrette-P.A.-COUMES-57.jpg\" data-lightbox=\"sevgallery-851472315\" style=\"background-image: url(https:\/\/www.campingdeserrette.com\/wp-content\/uploads\/2021\/09\/Panorama-aerien-camping-Serrette-P.A.-COUMES-57.jpg)\">\n\t\t\t\t\t\t<img decoding=\"async\" src=\"https:\/\/www.campingdeserrette.com\/wp-content\/uploads\/2021\/09\/Panorama-aerien-camping-Serrette-P.A.-COUMES-57.jpg\" alt=\"piscine du camping\" loading=\"lazy\">\n\t\t\t\t\t<\/a>\n\t\t\t\t<\/div>\n\n\t\t\t\t\n\t\t\t\t\t\t\t\t\t\t\t\n\t\t\t\t\n\t\t\t\t<div class=\"sev-diaporama-portfolio-item col-12 col-sm  col-shrink\">\n\t\t\t\t\t<a href=\"https:\/\/www.campingdeserrette.com\/wp-content\/uploads\/2021\/09\/IMG-6713.jpg\" data-lightbox=\"sevgallery-851472315\" style=\"background-image: url(https:\/\/www.campingdeserrette.com\/wp-content\/uploads\/2021\/09\/IMG-6713.jpg)\">\n\t\t\t\t\t\t<img decoding=\"async\" src=\"https:\/\/www.campingdeserrette.com\/wp-content\/uploads\/2021\/09\/IMG-6713.jpg\" alt=\"camping avec vue imprenable sur la vall\u00e9e\" loading=\"lazy\">\n\t\t\t\t\t<\/a>\n\t\t\t\t<\/div>\n\n\t\t\t\t\t\t\t\t\t<div class=\"w-100\"><\/div>\n\t\t\t\t\t\t\t\t\t\n\t\t\t\t\t\t\t\t\t\t\t\n\t\t\t\t\n\t\t\t\t<div class=\"sev-diaporama-portfolio-item col-12 col-sm  col-grow\">\n\t\t\t\t\t<a href=\"https:\/\/www.campingdeserrette.com\/wp-content\/uploads\/2021\/09\/Panorama-aerien-camping-Serrette-P.A.-COUMES-3.jpg\" data-lightbox=\"sevgallery-851472315\" style=\"background-image: url(https:\/\/www.campingdeserrette.com\/wp-content\/uploads\/2021\/09\/Panorama-aerien-camping-Serrette-P.A.-COUMES-3.jpg)\">\n\t\t\t\t\t\t<img decoding=\"async\" src=\"https:\/\/www.campingdeserrette.com\/wp-content\/uploads\/2021\/09\/Panorama-aerien-camping-Serrette-P.A.-COUMES-3.jpg\" alt=\"camping au coeur de la nature\" loading=\"lazy\">\n\t\t\t\t\t<\/a>\n\t\t\t\t<\/div>\n\n\t\t\t\t\n\t\t\t\t\t\t\t\t\t\t\t\n\t\t\t\t\n\t\t\t\t<div class=\"sev-diaporama-portfolio-item col-12 col-sm  col-shrink\">\n\t\t\t\t\t<a href=\"https:\/\/www.campingdeserrette.com\/wp-content\/uploads\/2025\/09\/20230612_111010-Personnalise.jpg\" data-lightbox=\"sevgallery-851472315\" style=\"background-image: url(https:\/\/www.campingdeserrette.com\/wp-content\/uploads\/2025\/09\/20230612_111010-Personnalise.jpg)\">\n\t\t\t\t\t\t<img decoding=\"async\" src=\"https:\/\/www.campingdeserrette.com\/wp-content\/uploads\/2025\/09\/20230612_111010-Personnalise.jpg\" alt=\"Piscine camping de Serrette\" loading=\"lazy\">\n\t\t\t\t\t<\/a>\n\t\t\t\t<\/div>\n\n\t\t\t\t\n\t\t\t\t\t\t\t\t\t\t\t\n\t\t\t\t\n\t\t\t\t<div class=\"sev-diaporama-portfolio-item col-12 col-sm  col-grow\">\n\t\t\t\t\t<a href=\"https:\/\/www.campingdeserrette.com\/wp-content\/uploads\/2025\/09\/20230612_111020-Personnalise.jpg\" data-lightbox=\"sevgallery-851472315\" style=\"background-image: url(https:\/\/www.campingdeserrette.com\/wp-content\/uploads\/2025\/09\/20230612_111020-Personnalise.jpg)\">\n\t\t\t\t\t\t<img decoding=\"async\" src=\"https:\/\/www.campingdeserrette.com\/wp-content\/uploads\/2025\/09\/20230612_111020-Personnalise.jpg\" alt=\"Piscine camping de Serrette\" loading=\"lazy\">\n\t\t\t\t\t<\/a>\n\t\t\t\t<\/div>\n\n\t\t\t\t\n\t\t\t\t\t\t\t\t\t\t\t\n\t\t\t\t\n\t\t\t\t<div class=\"sev-diaporama-portfolio-item col-12 col-sm  col-shrink\">\n\t\t\t\t\t<a href=\"https:\/\/www.campingdeserrette.com\/wp-content\/uploads\/2025\/09\/IMG-20230612-WA0006-Personnalise.jpeg\" data-lightbox=\"sevgallery-851472315\" style=\"background-image: url(https:\/\/www.campingdeserrette.com\/wp-content\/uploads\/2025\/09\/IMG-20230612-WA0006-Personnalise.jpeg)\">\n\t\t\t\t\t\t<img decoding=\"async\" src=\"https:\/\/www.campingdeserrette.com\/wp-content\/uploads\/2025\/09\/IMG-20230612-WA0006-Personnalise.jpeg\" alt=\"camping de Serrette\" loading=\"lazy\">\n\t\t\t\t\t<\/a>\n\t\t\t\t<\/div>\n\n\t\t\t\t\t\t\t\t\t<div class=\"w-100\"><\/div>\n\t\t\t\t\t\t\t\t\t\n\t\t\t\t\t\t\t\t\t\t\t\t\t\t<\/div>\n\t\t\t<\/div>\n\n\t\t\t<script>\n\t\t\tjQuery(function($) {\n\n\t\t\t\tvar marginPortfolio = function() {\n\n\t\t\t\t\tvar $diapo          = $('#sevgallery-851472315');\n\t\t\t\t\tvar container_width = $diapo.parent().outerWidth();\n\t\t\t\t\tvar side            = ( $(window).innerWidth() - container_width ) \/ 2;\n\n\t\t\t\t\t$diapo.css( {\n\t\t\t\t\t\t'margin-left': '-' + side + 'px',\n\t\t\t\t\t\t'margin-right': '-' + side + 'px',\n\t\t\t\t\t} );\n\t\t\t\t};\n\n\t\t\t\t$( window ).resize( function() {\n\t\t\t\t\tmarginPortfolio();\n\t\t\t\t} );\n\t\t\t\tmarginPortfolio();\n\t\t\t});\n\t\t\t<\/script>","protected":false},"excerpt":{"rendered":"","protected":false},"author":1,"featured_media":0,"parent":0,"menu_order":0,"comment_status":"closed","ping_status":"closed","template":"","meta":{"_seopress_robots_primary_cat":"","_seopress_titles_title":"Galerie photos du camping de Serrette situ\u00e9 dans le Puy de D\u00f4me","_seopress_titles_desc":"D\u00e9couvrez le camping 3 \u00e9toiles de Serrette situ\u00e9 dans le Puy de D\u00f4me, les photos refl\u00e8tent parfaitement l&#039;ambiance du camping. ","_seopress_robots_index":"","footnotes":""},"class_list":["post-48","page","type-page","status-publish","hentry"],"_links":{"self":[{"href":"https:\/\/www.campingdeserrette.com\/en\/wp-json\/wp\/v2\/pages\/48","targetHints":{"allow":["GET"]}}],"collection":[{"href":"https:\/\/www.campingdeserrette.com\/en\/wp-json\/wp\/v2\/pages"}],"about":[{"href":"https:\/\/www.campingdeserrette.com\/en\/wp-json\/wp\/v2\/types\/page"}],"author":[{"embeddable":true,"href":"https:\/\/www.campingdeserrette.com\/en\/wp-json\/wp\/v2\/users\/1"}],"replies":[{"embeddable":true,"href":"https:\/\/www.campingdeserrette.com\/en\/wp-json\/wp\/v2\/comments?post=48"}],"version-history":[{"count":2,"href":"https:\/\/www.campingdeserrette.com\/en\/wp-json\/wp\/v2\/pages\/48\/revisions"}],"predecessor-version":[{"id":446,"href":"https:\/\/www.campingdeserrette.com\/en\/wp-json\/wp\/v2\/pages\/48\/revisions\/446"}],"wp:attachment":[{"href":"https:\/\/www.campingdeserrette.com\/en\/wp-json\/wp\/v2\/media?parent=48"}],"curies":[{"name":"wp","href":"https:\/\/api.w.org\/{rel}","templated":true}]}}