{"id":13,"date":"2021-09-06T15:33:51","date_gmt":"2021-09-06T13:33:51","guid":{"rendered":"https:\/\/www.campingdeserrette.com\/?page_id=13"},"modified":"2026-03-30T12:09:39","modified_gmt":"2026-03-30T10:09:39","slug":"emplacements-camping-auvergne","status":"publish","type":"page","link":"https:\/\/www.campingdeserrette.com\/en\/emplacements-camping-auvergne\/","title":{"rendered":"Camping pitches in Auvergne"},"content":{"rendered":"<p><strong>Open from Monday 11 May 2026 to Sunday 6 September 2026<\/strong><\/p>\n\n\n\n<p>In the Puy de D\u00f4me, the 3-star Camping de Serrette in Auvergne offers you a <strong>pleasant, relaxing setting<\/strong> to choose your camping pitch. Depending on your tastes, you can choose your own camping pitch for tent, caravan or camper van: hedged, tree-lined, shady, sunny or isolated, with a view of Lac Chambon or the puys. Always subject to availability. Whatever you choose, the site's location means you can admire the Auvergne mountains and Lac Chambon.<\/p>\n\n\n\n<h2 class=\"wp-block-heading\">Campsite pitch in the Puy de D\u00f4me with views of Lac Chambon or the puys.<\/h2>\n\n\n\n<p class=\"translation-block\">In order to better satisfy you in the allocation of your camping pitch (as far as possible), we ask you when booking to specify your choices, as well as the size of your installation.<br>Our pitches range <strong>from 80 to 100 m\u00b2<\/strong>, with the possibility of a 10 amp electrical connection (a European adapter is required, available for purchase on site), or without electricity. Pitches accommodate a maximum of 6 people.<\/p>\n\n\n\n<p>Electric barbecues are not permitted on the campsite.<\/p>\n\n\n\n<p>The campsite is not equipped for recharging electric cars.<\/p>\n\n\n\n<p>Arrival from 2pm and departure before 11am.<\/p>\n\n\n\n<p><strong>Late arrivals maximum 8pm, to be specified when booking.<\/strong><\/p>\n\n\n\n<p><strong>The campsite is located at an altitude of over 1000m. We recommend that you pack warm clothing and good sleeping bags for the evenings and nights. Sunny days do not prevent cool nights.<\/strong><\/p>\n\n\n\n<p class=\"translation-block\">Find yourself in the midst of nature<\/strong>, with your campsite pitch rental in Auvergne, breathe in the fresh air, admire the view of Lake Chambon and the illuminated Murol castle, listen to the birdsong in the morning, take part in the hot-air balloon departure, it's up to you to come and discover the rest...<\/p>\n\n\n\n<div class=\"wp-block-columns is-layout-flex wp-container-core-columns-is-layout-9d6595d7 wp-block-columns-is-layout-flex\">\n<div class=\"wp-block-column is-layout-flow wp-block-column-is-layout-flow\">\n<h2 class=\"wp-block-heading\">Empl. Comfort<\/h2>\n\n\n\n<ctv-product data-product-id=\"105407\"><\/ctv-product>\n\n\n\n<h2 class=\"wp-block-heading\">Comfort lake view<\/h2>\n\n\n\n<ctv-product data-product-id=\"144422\"><\/ctv-product>\n<\/div>\n\n\n\n<div class=\"wp-block-column is-layout-flow wp-block-column-is-layout-flow\">\n<h2 class=\"wp-block-heading\">High comfort<\/h2>\n\n\n\n<ctv-product data-product-id=\"105408\"><\/ctv-product>\n<\/div>\n<\/div>\n\n\n\n<h2 class=\"wp-block-heading\">Photo gallery<\/h2>\n\n\n\t\t\t<div id=\"sevgallery-1725117140\" class=\"sev-diaporama sev-diaporama-portfolio\">\n\t\t\t<div class=\"row\">\n\n\t\t\t\n\t\t\t\t\n\t\t\t\t<div class=\"sev-diaporama-portfolio-item col-12 col-sm  col-grow\">\n\t\t\t\t\t<a href=\"https:\/\/www.campingdeserrette.com\/wp-content\/uploads\/2021\/09\/Panorama-aerien-camping-Serrette-P.A.-COUMES-94-1.jpg\" data-lightbox=\"sevgallery-1725117140\" style=\"background-image: url(https:\/\/www.campingdeserrette.com\/wp-content\/uploads\/2021\/09\/Panorama-aerien-camping-Serrette-P.A.-COUMES-94-1.jpg)\">\n\t\t\t\t\t\t<img decoding=\"async\" src=\"https:\/\/www.campingdeserrette.com\/wp-content\/uploads\/2021\/09\/Panorama-aerien-camping-Serrette-P.A.-COUMES-94-1.jpg\" alt=\"location emplacements pour tente camping\" loading=\"lazy\">\n\t\t\t\t\t<\/a>\n\t\t\t\t<\/div>\n\n\t\t\t\t\n\t\t\t\t\t\t\t\t\t\t\t\n\t\t\t\t\n\t\t\t\t<div class=\"sev-diaporama-portfolio-item col-12 col-sm  col-grow\">\n\t\t\t\t\t<a href=\"https:\/\/www.campingdeserrette.com\/wp-content\/uploads\/2021\/09\/Panorama-aerien-camping-Serrette-P.A.-COUMES-56-1.jpg\" data-lightbox=\"sevgallery-1725117140\" style=\"background-image: url(https:\/\/www.campingdeserrette.com\/wp-content\/uploads\/2021\/09\/Panorama-aerien-camping-Serrette-P.A.-COUMES-56-1.jpg)\">\n\t\t\t\t\t\t<img decoding=\"async\" src=\"https:\/\/www.campingdeserrette.com\/wp-content\/uploads\/2021\/09\/Panorama-aerien-camping-Serrette-P.A.-COUMES-56-1.jpg\" alt=\"location emplacements pour tente camping\" loading=\"lazy\">\n\t\t\t\t\t<\/a>\n\t\t\t\t<\/div>\n\n\t\t\t\t\n\t\t\t\t\t\t\t\t\t\t\t\n\t\t\t\t\n\t\t\t\t<div class=\"sev-diaporama-portfolio-item col-12 col-sm  col-shrink\">\n\t\t\t\t\t<a href=\"https:\/\/www.campingdeserrette.com\/wp-content\/uploads\/2021\/09\/Panorama-aerien-camping-Serrette-P.A.-COUMES-45-1.jpg\" data-lightbox=\"sevgallery-1725117140\" style=\"background-image: url(https:\/\/www.campingdeserrette.com\/wp-content\/uploads\/2021\/09\/Panorama-aerien-camping-Serrette-P.A.-COUMES-45-1.jpg)\">\n\t\t\t\t\t\t<img decoding=\"async\" src=\"https:\/\/www.campingdeserrette.com\/wp-content\/uploads\/2021\/09\/Panorama-aerien-camping-Serrette-P.A.-COUMES-45-1.jpg\" alt=\"location emplacements camping\" loading=\"lazy\">\n\t\t\t\t\t<\/a>\n\t\t\t\t<\/div>\n\n\t\t\t\t\n\t\t\t\t\t\t\t\t\t\t\t\n\t\t\t\t\n\t\t\t\t<div class=\"sev-diaporama-portfolio-item col-12 col-sm  col-grow\">\n\t\t\t\t\t<a href=\"https:\/\/www.campingdeserrette.com\/wp-content\/uploads\/2021\/09\/Panorama-aerien-camping-Serrette-P.A.-COUMES-44-1.jpg\" data-lightbox=\"sevgallery-1725117140\" style=\"background-image: url(https:\/\/www.campingdeserrette.com\/wp-content\/uploads\/2021\/09\/Panorama-aerien-camping-Serrette-P.A.-COUMES-44-1.jpg)\">\n\t\t\t\t\t\t<img decoding=\"async\" src=\"https:\/\/www.campingdeserrette.com\/wp-content\/uploads\/2021\/09\/Panorama-aerien-camping-Serrette-P.A.-COUMES-44-1.jpg\" alt=\"location emplacements camping Auvergne\" loading=\"lazy\">\n\t\t\t\t\t<\/a>\n\t\t\t\t<\/div>\n\n\t\t\t\t\t\t\t\t\t<div class=\"w-100\"><\/div>\n\t\t\t\t\t\t\t\t\t\n\t\t\t\t\t\t\t\t\t\t\t\n\t\t\t\t\n\t\t\t\t<div class=\"sev-diaporama-portfolio-item col-12 col-sm  col-grow\">\n\t\t\t\t\t<a href=\"https:\/\/www.campingdeserrette.com\/wp-content\/uploads\/2021\/09\/Panorama-aerien-camping-Serrette-P.A.-COUMES-41-1.jpg\" data-lightbox=\"sevgallery-1725117140\" style=\"background-image: url(https:\/\/www.campingdeserrette.com\/wp-content\/uploads\/2021\/09\/Panorama-aerien-camping-Serrette-P.A.-COUMES-41-1.jpg)\">\n\t\t\t\t\t\t<img decoding=\"async\" src=\"https:\/\/www.campingdeserrette.com\/wp-content\/uploads\/2021\/09\/Panorama-aerien-camping-Serrette-P.A.-COUMES-41-1.jpg\" alt=\"location emplacements camping\" loading=\"lazy\">\n\t\t\t\t\t<\/a>\n\t\t\t\t<\/div>\n\n\t\t\t\t\n\t\t\t\t\t\t\t\t\t\t\t\n\t\t\t\t\n\t\t\t\t<div class=\"sev-diaporama-portfolio-item col-12 col-sm\">\n\t\t\t\t\t<a href=\"https:\/\/www.campingdeserrette.com\/wp-content\/uploads\/2021\/09\/Panorama-aerien-camping-Serrette-P.A.-COUMES-51-1.jpg\" data-lightbox=\"sevgallery-1725117140\" style=\"background-image: url(https:\/\/www.campingdeserrette.com\/wp-content\/uploads\/2021\/09\/Panorama-aerien-camping-Serrette-P.A.-COUMES-51-1.jpg)\">\n\t\t\t\t\t\t<img decoding=\"async\" src=\"https:\/\/www.campingdeserrette.com\/wp-content\/uploads\/2021\/09\/Panorama-aerien-camping-Serrette-P.A.-COUMES-51-1.jpg\" alt=\"location emplacements camping\" loading=\"lazy\">\n\t\t\t\t\t<\/a>\n\t\t\t\t<\/div>\n\n\t\t\t\t\n\t\t\t\t\t\t\t\t\t\t\t\n\t\t\t\t\n\t\t\t\t<div class=\"sev-diaporama-portfolio-item col-12 col-sm  col-shrink\">\n\t\t\t\t\t<a href=\"https:\/\/www.campingdeserrette.com\/wp-content\/uploads\/2021\/09\/dsc_0042.jpg\" data-lightbox=\"sevgallery-1725117140\" style=\"background-image: url(https:\/\/www.campingdeserrette.com\/wp-content\/uploads\/2021\/09\/dsc_0042.jpg)\">\n\t\t\t\t\t\t<img decoding=\"async\" src=\"https:\/\/www.campingdeserrette.com\/wp-content\/uploads\/2021\/09\/dsc_0042.jpg\" alt=\"emplacements ombrag\u00e9s Auvergne\" loading=\"lazy\">\n\t\t\t\t\t<\/a>\n\t\t\t\t<\/div>\n\n\t\t\t\t\n\t\t\t\t\t\t\t\t\t\t\t\n\t\t\t\t\n\t\t\t\t<div class=\"sev-diaporama-portfolio-item col-12 col-sm\">\n\t\t\t\t\t<a href=\"https:\/\/www.campingdeserrette.com\/wp-content\/uploads\/2021\/09\/Panorama-aerien-camping-Serrette-P.A.-COUMES-32-1.jpg\" data-lightbox=\"sevgallery-1725117140\" style=\"background-image: url(https:\/\/www.campingdeserrette.com\/wp-content\/uploads\/2021\/09\/Panorama-aerien-camping-Serrette-P.A.-COUMES-32-1.jpg)\">\n\t\t\t\t\t\t<img decoding=\"async\" src=\"https:\/\/www.campingdeserrette.com\/wp-content\/uploads\/2021\/09\/Panorama-aerien-camping-Serrette-P.A.-COUMES-32-1.jpg\" alt=\"location emplacements camping\" loading=\"lazy\">\n\t\t\t\t\t<\/a>\n\t\t\t\t<\/div>\n\n\t\t\t\t\t\t\t\t\t<div class=\"w-100\"><\/div>\n\t\t\t\t\t\t\t\t\t\n\t\t\t\t\t\t\t\t\t\t\t\n\t\t\t\t\n\t\t\t\t<div class=\"sev-diaporama-portfolio-item col-12 col-sm  col-shrink\">\n\t\t\t\t\t<a href=\"https:\/\/www.campingdeserrette.com\/wp-content\/uploads\/2021\/09\/Panorama-aerien-camping-Serrette-P.A.-COUMES-43-1.jpg\" data-lightbox=\"sevgallery-1725117140\" style=\"background-image: url(https:\/\/www.campingdeserrette.com\/wp-content\/uploads\/2021\/09\/Panorama-aerien-camping-Serrette-P.A.-COUMES-43-1.jpg)\">\n\t\t\t\t\t\t<img decoding=\"async\" src=\"https:\/\/www.campingdeserrette.com\/wp-content\/uploads\/2021\/09\/Panorama-aerien-camping-Serrette-P.A.-COUMES-43-1.jpg\" alt=\"location emplacements spacieuxcamping\" loading=\"lazy\">\n\t\t\t\t\t<\/a>\n\t\t\t\t<\/div>\n\n\t\t\t\t\n\t\t\t\t\t\t\t\t\t\t\t\n\t\t\t\t\n\t\t\t\t<div class=\"sev-diaporama-portfolio-item col-12 col-sm\">\n\t\t\t\t\t<a href=\"https:\/\/www.campingdeserrette.com\/wp-content\/uploads\/2021\/09\/dsc_0186.jpg\" data-lightbox=\"sevgallery-1725117140\" style=\"background-image: url(https:\/\/www.campingdeserrette.com\/wp-content\/uploads\/2021\/09\/dsc_0186.jpg)\">\n\t\t\t\t\t\t<img decoding=\"async\" src=\"https:\/\/www.campingdeserrette.com\/wp-content\/uploads\/2021\/09\/dsc_0186.jpg\" alt=\"camping en Auvergne\" loading=\"lazy\">\n\t\t\t\t\t<\/a>\n\t\t\t\t<\/div>\n\n\t\t\t\t\n\t\t\t\t\t\t\t\t\t\t\t\n\t\t\t\t\n\t\t\t\t<div class=\"sev-diaporama-portfolio-item col-12 col-sm  col-grow\">\n\t\t\t\t\t<a href=\"https:\/\/www.campingdeserrette.com\/wp-content\/uploads\/2021\/09\/emplacement-tente.jpg\" data-lightbox=\"sevgallery-1725117140\" style=\"background-image: url(https:\/\/www.campingdeserrette.com\/wp-content\/uploads\/2021\/09\/emplacement-tente.jpg)\">\n\t\t\t\t\t\t<img decoding=\"async\" src=\"https:\/\/www.campingdeserrette.com\/wp-content\/uploads\/2021\/09\/emplacement-tente.jpg\" alt=\"emplacement du camping calme et familial\" loading=\"lazy\">\n\t\t\t\t\t<\/a>\n\t\t\t\t<\/div>\n\n\t\t\t\t\n\t\t\t\t\t\t\t\t\t\t\t\n\t\t\t\t\n\t\t\t\t<div class=\"sev-diaporama-portfolio-item col-12 col-sm  col-grow\">\n\t\t\t\t\t<a href=\"https:\/\/www.campingdeserrette.com\/wp-content\/uploads\/2021\/09\/vue-sur-lac-et-emplacement.jpg\" data-lightbox=\"sevgallery-1725117140\" style=\"background-image: url(https:\/\/www.campingdeserrette.com\/wp-content\/uploads\/2021\/09\/vue-sur-lac-et-emplacement.jpg)\">\n\t\t\t\t\t\t<img decoding=\"async\" src=\"https:\/\/www.campingdeserrette.com\/wp-content\/uploads\/2021\/09\/vue-sur-lac-et-emplacement.jpg\" alt=\"vue imprenable des emplacements\" loading=\"lazy\">\n\t\t\t\t\t<\/a>\n\t\t\t\t<\/div>\n\n\t\t\t\t\t\t\t\t\t<div class=\"w-100\"><\/div>\n\t\t\t\t\t\t\t\t\t\n\t\t\t\t\t\t\t\t\t\t\t\n\t\t\t\t\n\t\t\t\t<div class=\"sev-diaporama-portfolio-item col-12 col-sm  col-shrink\">\n\t\t\t\t\t<a href=\"https:\/\/www.campingdeserrette.com\/wp-content\/uploads\/2021\/09\/IMG-6713-2.jpg\" data-lightbox=\"sevgallery-1725117140\" style=\"background-image: url(https:\/\/www.campingdeserrette.com\/wp-content\/uploads\/2021\/09\/IMG-6713-2.jpg)\">\n\t\t\t\t\t\t<img decoding=\"async\" src=\"https:\/\/www.campingdeserrette.com\/wp-content\/uploads\/2021\/09\/IMG-6713-2.jpg\" alt=\"location emplacements camping\" loading=\"lazy\">\n\t\t\t\t\t<\/a>\n\t\t\t\t<\/div>\n\n\t\t\t\t\n\t\t\t\t\t\t\t\t\t\t\t\n\t\t\t\t\n\t\t\t\t<div class=\"sev-diaporama-portfolio-item col-12 col-sm\">\n\t\t\t\t\t<a href=\"https:\/\/www.campingdeserrette.com\/wp-content\/uploads\/2021\/09\/Panorama-aerien-camping-Serrette-P.A.-COUMES-16-1.jpg\" data-lightbox=\"sevgallery-1725117140\" style=\"background-image: url(https:\/\/www.campingdeserrette.com\/wp-content\/uploads\/2021\/09\/Panorama-aerien-camping-Serrette-P.A.-COUMES-16-1.jpg)\">\n\t\t\t\t\t\t<img decoding=\"async\" src=\"https:\/\/www.campingdeserrette.com\/wp-content\/uploads\/2021\/09\/Panorama-aerien-camping-Serrette-P.A.-COUMES-16-1.jpg\" alt=\"location emplacements camping Auvergne\" loading=\"lazy\">\n\t\t\t\t\t<\/a>\n\t\t\t\t<\/div>\n\n\t\t\t\t\n\t\t\t\t\t\t\t\t\t\t\t\n\t\t\t\t\n\t\t\t\t<div class=\"sev-diaporama-portfolio-item col-12 col-sm  col-grow\">\n\t\t\t\t\t<a href=\"https:\/\/www.campingdeserrette.com\/wp-content\/uploads\/2021\/09\/Panorama-aerien-camping-Serrette-P.A.-COUMES-105-1.jpg\" data-lightbox=\"sevgallery-1725117140\" style=\"background-image: url(https:\/\/www.campingdeserrette.com\/wp-content\/uploads\/2021\/09\/Panorama-aerien-camping-Serrette-P.A.-COUMES-105-1.jpg)\">\n\t\t\t\t\t\t<img decoding=\"async\" src=\"https:\/\/www.campingdeserrette.com\/wp-content\/uploads\/2021\/09\/Panorama-aerien-camping-Serrette-P.A.-COUMES-105-1.jpg\" alt=\"location emplacements camping\" loading=\"lazy\">\n\t\t\t\t\t<\/a>\n\t\t\t\t<\/div>\n\n\t\t\t\t\n\t\t\t\t\t\t\t\t\t\t\t\t\t\t<\/div>\n\t\t\t<\/div>\n\n\t\t\t<script>\n\t\t\tjQuery(function($) {\n\n\t\t\t\tvar marginPortfolio = function() {\n\n\t\t\t\t\tvar $diapo          = $('#sevgallery-1725117140');\n\t\t\t\t\tvar container_width = $diapo.parent().outerWidth();\n\t\t\t\t\tvar side            = ( $(window).innerWidth() - container_width ) \/ 2;\n\n\t\t\t\t\t$diapo.css( {\n\t\t\t\t\t\t'margin-left': '-' + side + 'px',\n\t\t\t\t\t\t'margin-right': '-' + side + 'px',\n\t\t\t\t\t} );\n\t\t\t\t};\n\n\t\t\t\t$( window ).resize( function() {\n\t\t\t\t\tmarginPortfolio();\n\t\t\t\t} );\n\t\t\t\tmarginPortfolio();\n\t\t\t});\n\t\t\t<\/script>","protected":false},"excerpt":{"rendered":"<p>Ouverture du Lundi 11 Mai 2026 au Dimanche 6 Septembre 2026 Dans le Puy de D\u00f4me, le Camping de Serrette 3 \u00e9toiles en Auvergne vous propose un cadre agr\u00e9able et reposant pour choisir votre emplacement camping. Possibilit\u00e9 de demander, suivant vos go\u00fbts, votre emplacement camping pour tente, caravane ou camping-car : d\u00e9limit\u00e9 par des haies, [&hellip;]<\/p>\n","protected":false},"author":1,"featured_media":0,"parent":0,"menu_order":0,"comment_status":"closed","ping_status":"closed","template":"","meta":{"_seopress_robots_primary_cat":"","_seopress_titles_title":"Emplacement camping Auvergne - Volcans d'Auvergne","_seopress_titles_desc":"Emplacement camping en Auvergne dans le Puy de D\u00f4me, avec vue sur le lac Chambon dans le Parc des Volcans d'Auvergne.","_seopress_robots_index":"","footnotes":""},"class_list":["post-13","page","type-page","status-publish","hentry"],"_links":{"self":[{"href":"https:\/\/www.campingdeserrette.com\/en\/wp-json\/wp\/v2\/pages\/13","targetHints":{"allow":["GET"]}}],"collection":[{"href":"https:\/\/www.campingdeserrette.com\/en\/wp-json\/wp\/v2\/pages"}],"about":[{"href":"https:\/\/www.campingdeserrette.com\/en\/wp-json\/wp\/v2\/types\/page"}],"author":[{"embeddable":true,"href":"https:\/\/www.campingdeserrette.com\/en\/wp-json\/wp\/v2\/users\/1"}],"replies":[{"embeddable":true,"href":"https:\/\/www.campingdeserrette.com\/en\/wp-json\/wp\/v2\/comments?post=13"}],"version-history":[{"count":32,"href":"https:\/\/www.campingdeserrette.com\/en\/wp-json\/wp\/v2\/pages\/13\/revisions"}],"predecessor-version":[{"id":4911,"href":"https:\/\/www.campingdeserrette.com\/en\/wp-json\/wp\/v2\/pages\/13\/revisions\/4911"}],"wp:attachment":[{"href":"https:\/\/www.campingdeserrette.com\/en\/wp-json\/wp\/v2\/media?parent=13"}],"curies":[{"name":"wp","href":"https:\/\/api.w.org\/{rel}","templated":true}]}}